{"id":602,"date":"2021-06-17T00:01:41","date_gmt":"2021-06-17T00:01:41","guid":{"rendered":"http:\/\/www.gipps.org\/revistaredes\/?page_id=602"},"modified":"2021-06-17T18:25:10","modified_gmt":"2021-06-17T18:25:10","slug":"volumen-3-numero-1-2021","status":"publish","type":"page","link":"https:\/\/www.gipps.org\/revistaredes\/volumen-3-numero-1-2021\/","title":{"rendered":"Volumen 3 | N\u00famero 1 | 2021"},"content":{"rendered":"\n<p><strong>DOI<\/strong>:  https:\/\/doi.org\/10.22402\/j.redes.unam.3.1.2021 <\/p>\n\n\n\n<p><a href=\"https:\/\/www.gipps.org\/revistaredes\/?p=587&amp;preview=true\">SALUD MENTAL EN EL SIGLO XXI. PRESENTACI\u00d3N DEL N\u00daMERO<\/a><strong>&nbsp;<\/strong><\/p>\n\n\n\n<p>Dr. David Javier Enr\u00edquez Negrete, Editor ejecutivo&nbsp;<\/p>\n\n\n\n<p><strong>An\u00e1lisis<\/strong><\/p>\n\n\n\n<p><a href=\"https:\/\/www.gipps.org\/revistaredes\/?p=589&amp;preview=true\">\u00bfCU\u00c1LES SON LAS ADECUACIONES Y LOS DESAF\u00cdOS DE LAS PR\u00c1CTICAS PSICOANAL\u00cdTICAS EN INSTITUCIONES EN PANDEMIA?&nbsp;<\/a><\/p>\n\n\n\n<p>Dra. Silvia Fabiana&nbsp;Comastri |&nbsp;Universidad del Salvador. Universidad Nacional de Rosario&nbsp;&nbsp;<\/p>\n\n\n\n<p><a href=\"https:\/\/www.gipps.org\/revistaredes\/?p=591&amp;preview=true\">\u00bfLA AFECTACI\u00d3N DE LA PANDEMIA EN NUESTRAS VIDAS, ES PRIMORDIALMENTE EMOCIONAL? UN AN\u00c1LISIS DESDE LA LOGOTERAPIA<\/a>&nbsp;<\/p>\n\n\n\n<p>Dra. Natalia De Brigard Merch\u00e1n |&nbsp;Profesionista independiente&nbsp;<\/p>\n\n\n\n<p><strong>Entrevista<\/strong><\/p>\n\n\n\n<p><a href=\"https:\/\/www.gipps.org\/revistaredes\/?p=593&amp;preview=true\">NECESIDADES PSICOL\u00d3GICAS Y OPORTUNIDADES DE SUPERACI\u00d3N EN TIEMPOS DE COVID-19&nbsp;<\/a><\/p>\n\n\n\n<p>Dra. Ang\u00e9lica Riveros Ba\u00f1os |&nbsp;Facultad de Contadur\u00eda y&nbsp;Administraci\u00f3n, UNAM<\/p>\n\n\n\n<p>Por Leticia B\u00e1ez P\u00e9rez&nbsp;<\/p>\n\n\n\n<p><strong>Estudio de caso<\/strong><\/p>\n\n\n\n<p><a href=\"https:\/\/www.gipps.org\/revistaredes\/?p=596&amp;preview=true\">\u00bfSE PUEDE VENCER AL MONSTRUO DE LA DEPRESI\u00d3N?&nbsp;&nbsp;<\/a><\/p>\n\n\n\n<p>Mtra. Oralia Espinoza Montiel |Psic\u00f3logos de M\u00e9xico A. C.&nbsp;<\/p>\n\n\n\n<p><strong>Recomendaciones<\/strong><\/p>\n\n\n\n<p><a href=\"https:\/\/www.gipps.org\/revistaredes\/?p=600&amp;preview=true\">TELEPSICOLOG\u00cdA: BENEFICIOS EN EL PROCESO DE INTERVENCI\u00d3N Y CONSIDERACIONES \u00c9TICAS<\/a><\/p>\n\n\n\n<p>Dra. Anabel de la Rosa G\u00f3mez |&nbsp;Facultad de Estudios Superiores Iztacala, UNAM<\/p>\n","protected":false},"excerpt":{"rendered":"<div class=\"mh-excerpt\"><p>DOI: https:\/\/doi.org\/10.22402\/j.redes.unam.3.1.2021 SALUD MENTAL EN EL SIGLO XXI. PRESENTACI\u00d3N DEL N\u00daMERO&nbsp; Dr. David Javier Enr\u00edquez Negrete, Editor ejecutivo&nbsp; An\u00e1lisis \u00bfCU\u00c1LES SON LAS ADECUACIONES Y LOS <a class=\"mh-excerpt-more\" href=\"https:\/\/www.gipps.org\/revistaredes\/volumen-3-numero-1-2021\/\" title=\"Volumen 3 | N\u00famero 1 | 2021\">[&#8230;]<\/a><\/p>\n<\/div>","protected":false},"author":1,"featured_media":0,"parent":0,"menu_order":0,"comment_status":"closed","ping_status":"closed","template":"","meta":[],"_links":{"self":[{"href":"https:\/\/www.gipps.org\/revistaredes\/wp-json\/wp\/v2\/pages\/602"}],"collection":[{"href":"https:\/\/www.gipps.org\/revistaredes\/wp-json\/wp\/v2\/pages"}],"about":[{"href":"https:\/\/www.gipps.org\/revistaredes\/wp-json\/wp\/v2\/types\/page"}],"author":[{"embeddable":true,"href":"https:\/\/www.gipps.org\/revistaredes\/wp-json\/wp\/v2\/users\/1"}],"replies":[{"embeddable":true,"href":"https:\/\/www.gipps.org\/revistaredes\/wp-json\/wp\/v2\/comments?post=602"}],"version-history":[{"count":3,"href":"https:\/\/www.gipps.org\/revistaredes\/wp-json\/wp\/v2\/pages\/602\/revisions"}],"predecessor-version":[{"id":606,"href":"https:\/\/www.gipps.org\/revistaredes\/wp-json\/wp\/v2\/pages\/602\/revisions\/606"}],"wp:attachment":[{"href":"https:\/\/www.gipps.org\/revistaredes\/wp-json\/wp\/v2\/media?parent=602"}],"curies":[{"name":"wp","href":"https:\/\/api.w.org\/{rel}","templated":true}]}}