{"id":145,"date":"2019-08-14T15:56:59","date_gmt":"2019-08-14T15:56:59","guid":{"rendered":"http:\/\/www.gipps.org\/revistaredes\/?page_id=145"},"modified":"2026-03-02T20:19:20","modified_gmt":"2026-03-02T20:19:20","slug":"politicas-2","status":"publish","type":"page","link":"https:\/\/www.gipps.org\/revistaredes\/politicas-2\/","title":{"rendered":"Pol\u00edticas"},"content":{"rendered":"\n<p>La Revista de Divulgaci\u00f3n Crisis y Retos en la Familia y Pareja, es una publicaci\u00f3n semestral que pertenece a la Universidad Nacional Aut\u00f3noma de M\u00e9xico, la cual se constituye como una iniciativa del Grupo de Investigaci\u00f3n en Procesos Psicol\u00f3gicos y Sociales (GIPPS) a trav\u00e9s del Laboratorio de Psicolog\u00eda, Tecnolog\u00eda y Salud y de la Residencia en Terapia Familiar del Programa de Maestr\u00eda en Psicolog\u00eda de la Facultad de Estudios Superiores Iztacala, que busca:<\/p>\n\n\n\n<ul>\n<li>Difundir los avances en la producci\u00f3n cient\u00edfica y tecnol\u00f3gica en el campo de la psicolog\u00eda, las ciencias sociales y de la salud con la finalidad de fomentar, generar y desarrollar el conocimiento transdiciplinario entre las distintas \u00e1reas del conocimiento que comprenden al campo de estudio de las ciencias sociales, de la salud y de las humanidades.<\/li>\n<\/ul>\n\n\n\n<ul>\n<li>Difundir al p\u00fablico general informaci\u00f3n sobre problem\u00e1ticas sociales y de la salud, en un lenguaje comprensible, con sustento cient\u00edfico derivado de investigaci\u00f3n aplicada y de la sistematizaci\u00f3n de la pr\u00e1ctica en el campo profesional, que permita a los lectores tener un punto de referencia para identificar cuando requieren ayuda de un profesional, si es que lo requieren.<\/li>\n<\/ul>\n\n\n\n<p>Adicionalmente contar\u00e1 con n\u00fameros especiales en donde a trav\u00e9s de una problem\u00e1tica diversos especialistas la abordar\u00e1n desde un enfoque interprofesional.<\/p>\n\n\n\n<figure class=\"wp-block-gallery aligncenter has-nested-images columns-default is-cropped wp-block-gallery-1 is-layout-flex\">\n<figure class=\"wp-block-image\"><img decoding=\"async\" loading=\"lazy\" width=\"1024\" height=\"344\" data-id=\"1116\"  src=\"https:\/\/www.gipps.org\/revistaredes\/wp-content\/uploads\/2023\/04\/Logo-letras-negras-1024x344.png\" alt=\"\" class=\"wp-image-1116\" srcset=\"https:\/\/www.gipps.org\/revistaredes\/wp-content\/uploads\/2023\/04\/Logo-letras-negras-1024x344.png 1024w, https:\/\/www.gipps.org\/revistaredes\/wp-content\/uploads\/2023\/04\/Logo-letras-negras-300x101.png 300w, https:\/\/www.gipps.org\/revistaredes\/wp-content\/uploads\/2023\/04\/Logo-letras-negras-768x258.png 768w, https:\/\/www.gipps.org\/revistaredes\/wp-content\/uploads\/2023\/04\/Logo-letras-negras.png 1407w\" sizes=\"(max-width: 1024px) 100vw, 1024px\" \/><\/figure>\n<\/figure>\n\n\n<div class=\"wp-block-image\">\n<figure class=\"aligncenter is-resized\"><img decoding=\"async\" loading=\"lazy\" src=\"http:\/\/www.gipps.org\/revistaredes\/wp-content\/uploads\/2019\/08\/UNAM-logo-268x300.png\" alt=\"\" class=\"wp-image-156\" width=\"127\" height=\"142\"\/><\/figure><\/div>","protected":false},"excerpt":{"rendered":"<div class=\"mh-excerpt\"><p>La Revista de Divulgaci\u00f3n Crisis y Retos en la Familia y Pareja, es una publicaci\u00f3n semestral que pertenece a la Universidad Nacional Aut\u00f3noma de M\u00e9xico, <a class=\"mh-excerpt-more\" href=\"https:\/\/www.gipps.org\/revistaredes\/politicas-2\/\" title=\"Pol\u00edticas\">[&#8230;]<\/a><\/p>\n<\/div>","protected":false},"author":1,"featured_media":0,"parent":0,"menu_order":0,"comment_status":"closed","ping_status":"closed","template":"","meta":[],"_links":{"self":[{"href":"https:\/\/www.gipps.org\/revistaredes\/wp-json\/wp\/v2\/pages\/145"}],"collection":[{"href":"https:\/\/www.gipps.org\/revistaredes\/wp-json\/wp\/v2\/pages"}],"about":[{"href":"https:\/\/www.gipps.org\/revistaredes\/wp-json\/wp\/v2\/types\/page"}],"author":[{"embeddable":true,"href":"https:\/\/www.gipps.org\/revistaredes\/wp-json\/wp\/v2\/users\/1"}],"replies":[{"embeddable":true,"href":"https:\/\/www.gipps.org\/revistaredes\/wp-json\/wp\/v2\/comments?post=145"}],"version-history":[{"count":7,"href":"https:\/\/www.gipps.org\/revistaredes\/wp-json\/wp\/v2\/pages\/145\/revisions"}],"predecessor-version":[{"id":1963,"href":"https:\/\/www.gipps.org\/revistaredes\/wp-json\/wp\/v2\/pages\/145\/revisions\/1963"}],"wp:attachment":[{"href":"https:\/\/www.gipps.org\/revistaredes\/wp-json\/wp\/v2\/media?parent=145"}],"curies":[{"name":"wp","href":"https:\/\/api.w.org\/{rel}","templated":true}]}}